{"id":673,"date":"2024-07-02T14:04:19","date_gmt":"2024-07-02T12:04:19","guid":{"rendered":"https:\/\/www.belfor.com\/dk\/?page_id=673"},"modified":"2025-10-01T14:38:15","modified_gmt":"2025-10-01T12:38:15","slug":"corporate-social-responsibility","status":"publish","type":"page","link":"https:\/\/www.belfor.com\/dk\/da\/om-os\/corporate-social-responsibility\/","title":{"rendered":"Corporate Social Responsibility"},"content":{"rendered":"<div class=\"m-banner m-banner--small  -version-2 has-overlay order-default\" >\n\n\t\n\t\n\t<div class=\"m-banner__container container-fluid\" style='--overlayOpacity: 50%;--columns-ratio: 50%;background-color: #ffffff;'>\n\n\t\t    <div class=\"m-banner__media\">\n        <picture class=\"m-banner__picture\">\n\t\t\t\t\t\t\t\t\t\t\t\t                        <source media=\"(min-width: 1500px)\" srcset=\"https:\/\/www.belfor.com\/dk\/wp-content\/uploads\/sites\/5\/2025\/10\/EU_EU_Screen_LogMask_brighten.jpg\">\n\t\t\t\t\t\t\t\t\t\t\t\t\t\t\t\t\t\t\t\t\t\t\t                        <source media=\"(min-width: 768px)\" srcset=\"https:\/\/www.belfor.com\/dk\/wp-content\/uploads\/sites\/5\/2025\/10\/EU_EU_Screen_LogMask_brighten-1024x433.jpg\">\n\t\t\t\t\t\t\t\t\t\t\t\t\t\t\t                <source media=\"(min-width: 300px)\" srcset=\"https:\/\/www.belfor.com\/dk\/wp-content\/uploads\/sites\/5\/2025\/10\/EU_EU_Screen_LogMask_brighten-768x324.jpg\">\n\t\t\t            <img loading=\"lazy\" decoding=\"async\" src=\"https:\/\/www.belfor.com\/dk\/wp-content\/uploads\/sites\/5\/2025\/10\/EU_EU_Screen_LogMask_brighten.jpg\" alt=\"En collage af mandlige og kvindelige medarbejdere\" width=\"1920\" height=\"1280\">\n        <\/picture>\n    <\/div>\n\n\t\t<div class=\"m-banner__inner container flex-left style-dark\">\n\n\t\t\t<div class=\"l-banner  l-gt-custom l-gb-custom\" style=\"--l-gt-padding: 4.5rem;--l-gb-padding: 4.5rem;\">\n\n\t\t\t\t\n<div class=\"l-banner__text\">\n        <div class=\"l-banner__inner text-left\">\n\n        <div class=\"c-heading -h1\">\n\t\t\t\n\t\t\t\t\t\t\t<h1 style=\"--font-size-mobile:3.5rem;color:#ffffff;\" class=\"c-heading__title\">Corporate Social Responsibility<\/h1>\t\t\t\n\t\t\t        <\/div>\n\n\t\t    <\/div>\n    \n\t<\/div>\n\n    <div class=\"l-banner__media\">\n\t\t\t\t\t\n\t\t    <\/div>\n\n\t\t\t<\/div>\n\n\t\t\t\t\t<\/div>\n\t<\/div>\n\n    <!-- scroll down-->\n    <div class=\"scroll-down\">\n        <div class=\"scroll-down__line-box line-box\">\n            <div class=\"line\"><\/div>\n        <\/div>\n        <div class=\"scroll-down__icon\">\n            <svg class=\"o-icon u-fill-current\" aria-hidden=\"true\">\n                <use xlink:href=\"#scroll-down\"><\/use>\n            <\/svg>\n        <\/div>\n    <\/div>\n    <!-- scroll down : end-->\n\n<\/div>\n\n\n<div class=\"m-breadcrumb \">\n\t\n\t<div class=\"blog-breadcrumb\">\n\t\t<div class=\"blog-breadcrumb__inner inner-frame\">\n\t\t\t<span property=\"itemListElement\" typeof=\"ListItem\"><a property=\"item\" typeof=\"WebPage\" title=\"Go to BELFOR.\" href=\"https:\/\/www.belfor.com\/\" class=\"main-home\" ><span property=\"name\">BELFOR<\/span><\/a><meta property=\"position\" content=\"1\"><\/span> &gt; <span property=\"itemListElement\" typeof=\"ListItem\"><a property=\"item\" typeof=\"WebPage\" title=\"Go to BELFOR Denmark.\" href=\"https:\/\/www.belfor.com\/dk\/da\/\" class=\"home\" ><span property=\"name\">BELFOR Denmark<\/span><\/a><meta property=\"position\" content=\"2\"><\/span> &gt; <span property=\"itemListElement\" typeof=\"ListItem\"><a property=\"item\" typeof=\"WebPage\" title=\"Go to Vidensbank.\" href=\"https:\/\/www.belfor.com\/dk\/da\/vidensbank\/\" class=\"post-root post post-post\" aria-current=\"page\"><span property=\"name\">Vidensbank<\/span><\/a><meta property=\"position\" content=\"3\"><\/span>\t\t<\/div>\n\t<\/div>\n\n<\/div>\n\n\n<div class=\"m-wrapper  mt mb-custom -version-7 container\" style='--margin-bottom: 15rem;'>\n\n\t\n\t\n\t<div class=\"m-wrapper__inner\">\n\t\t\n\n<div class=\"m-block l-links-list   gt gb\"  >\n\n\t    <div class=\"m-block__container container\"\n         style=\"\">\n\n        <div class=\"l-heading text-center l-heading-v1\">\n\t\t\t        <div class=\"c-heading -h2 \">\n\t\t\n\t\t\n\t\t\t\t\t<h2  class=\"c-heading__title\">L\u00e6s mere<\/h2>\t\t\n\t\t    <\/div>\n\n\t\t\t                <ul>\n\t\t\t\t\t                        <li>\n\t\t\t\t\t\t\t\n\t\t\t\t\t\t\t\t                                    <a href=\"\/dk\/da\/om-os\/om-belfor\/\"\n\t\t\t\t\t\t\t\t\t\t                                        class=\"link\">Om BELFOR                                    <\/a>\n\t\t\t\t\t\t\t\t\n\t\t\t\t\t\t\t                        <\/li>\n\t\t\t\t\t                        <li>\n\t\t\t\t\t\t\t\n\t\t\t\t\t\t\t\t                                    <a href=\"\/dk\/da\/om-os\/vaerdier\/\"\n\t\t\t\t\t\t\t\t\t\t                                        class=\"link\">V\u00e6rdier                                    <\/a>\n\t\t\t\t\t\t\t\t\n\t\t\t\t\t\t\t                        <\/li>\n\t\t\t\t\t                        <li>\n\t\t\t\t\t\t\t\n\t\t\t\t\t\t\t\t                                    <a href=\"\/dk\/da\/om-os\/baeredygtighed\/\"\n\t\t\t\t\t\t\t\t\t\t                                        class=\"link\">B\u00e6redygtighed                                    <\/a>\n\t\t\t\t\t\t\t\t\n\t\t\t\t\t\t\t                        <\/li>\n\t\t\t\t\t                        <li>\n\t\t\t\t\t\t\t\n\t\t\t\t\t\t\t\t                                    <a href=\"\/dk\/da\/om-os\/innovation\/\"\n\t\t\t\t\t\t\t\t\t\t                                        class=\"link\">Innovation                                    <\/a>\n\t\t\t\t\t\t\t\t\n\t\t\t\t\t\t\t                        <\/li>\n\t\t\t\t\t                        <li>\n\t\t\t\t\t\t\t\n\t\t\t\t\t\t\t\t                                    <a href=\"\/dk\/da\/om-os\/vi-er-en-del-af-servicenormen\/\"\n\t\t\t\t\t\t\t\t\t\t                                        class=\"link\">Vi er en del af servicenormen                                    <\/a>\n\t\t\t\t\t\t\t\t\n\t\t\t\t\t\t\t                        <\/li>\n\t\t\t\t\t                        <li>\n\t\t\t\t\t\t\t\n\t\t\t\t\t\t\t\t                                    <a href=\"\/dk\/da\/om-os\/code-of-conduct\/\"\n\t\t\t\t\t\t\t\t\t\t                                        class=\"link\">Code of Conduct                                    <\/a>\n\t\t\t\t\t\t\t\t\n\t\t\t\t\t\t\t                        <\/li>\n\t\t\t\t\t                        <li>\n\t\t\t\t\t\t\t\n\t\t\t\t\t\t\t\t                                    <a href=\"\/dk\/da\/om-os\/salgs-og-leveringsbetingelser\/\"\n\t\t\t\t\t\t\t\t\t\t                                        class=\"link\">Salgs- og leveringsbetingelser                                    <\/a>\n\t\t\t\t\t\t\t\t\n\t\t\t\t\t\t\t                        <\/li>\n\t\t\t\t\t                        <li>\n\t\t\t\t\t\t\t\n\t\t\t\t\t\t\t\t                                    <a href=\"\/dk\/da\/om-os\/vejledning-til-fakturering\/\"\n\t\t\t\t\t\t\t\t\t\t                                        class=\"link\">Vejledning til fakturering                                    <\/a>\n\t\t\t\t\t\t\t\t\n\t\t\t\t\t\t\t                        <\/li>\n\t\t\t\t\t                <\/ul>\n\t\t\t\n        <\/div>\n    <\/div>\n<\/div>\n\n\n<div class=\"m-block  l-content-2\"  >\n\n\t\n\t\n\t<div class=\"m-block__container container\" style=\"\">\n\n\t\t<div class=\"l-dcbl l-dcbl-v1\">\n\n\t\t\t\n<div class=\"c-block order-default is-vertical\" style=\"--c-block-radius:0px; --c-block-gl: 0%;--c-block-gr: 0%;--c-block-gt: 0%;--c-block-gb: 0%;--columns-ratio: 50%;\">\n    <div class=\"c-block__col c-block__text text-left align-center\"\n         style=\"--c-txt-gl: 0%; --c-txt-gr: 0%; --c-txt-gt: 0%; --c-txt-gb: 0%;\">\n        <div class=\"c-block__inner\">\n\n\t\t\t            \n\t\t\t    <div class=\"c-heading -h2 \">\n\t\t\n\t\t\n\t\t\t\t\t<h2  class=\"c-heading__title\">RESPEKT, ENGAGEMENT OG TROV\u00c6RDIGHED<\/h2>\t\t\n\t\t    <\/div>\n    <div class=\"c-heading__description is-wysiwyg\">\n        <p>Disse v\u00e6rdier udg\u00f8r kernen i vores virksomhed, og vi sikrer, at vores medarbejdere arbejder ud fra dette grundlag. Vi overholder de respektive g\u00e6ldende love og regler og instruerer vores medarbejdere i overensstemmelse hermed. Desuden er vi en virksomhed, der tager vores ansvar over for vores medarbejdere, milj\u00f8et, de lokale og regionale omgivelser og samfundet meget alvorligt.<\/p>\n<p>For m\u00e5lrettet at fremme vores v\u00e6rdier og ansvar har vi nu defineret klare CSR- og Compliance-guidelines for hele Europa. Disse entydige krav g\u00e6lder, uden hvis og men, for hver enkelt medarbejder i BELFOR. Vi sikrer altid gennemsigtighed og tillid i vores samarbejde med dig som forretningspartner.<\/p>\n<p>Centrale CSR-emner er:<\/p>\n<ul>\n<li>Menneskerettigheder<\/li>\n<li>Arbejdsforhold<\/li>\n<li>Milj\u00f8et<\/li>\n<li>Fair forretningspraksis<\/li>\n<li>Forbrugersp\u00f8rgsm\u00e5l<\/li>\n<li>Inddragelse af lokalsamfund og udvikling<\/li>\n<\/ul>\n    <\/div>\n\t\t\t\t\t\t        <\/div>\n    <\/div>\n\t<\/div>\n\n\t\t<\/div>\n\n\t<\/div>\n\n\t\n<\/div>\n\n\n<div class=\"m-block  l-content-2\"  >\n\n\t\n\t\n\t<div class=\"m-block__container container\" style=\"\">\n\n\t\t<div class=\"l-dcbl l-dcbl-v1\">\n\n\t\t\t\n<div class=\"c-block order-default is-vertical\" style=\"--c-block-radius:0px; --c-block-gl: 0%;--c-block-gr: 0%;--c-block-gt: 0%;--c-block-gb: 0%;--columns-ratio: 50%;\">\n    <div class=\"c-block__col c-block__text text-left align-center\"\n         style=\"--c-txt-gl: 0%; --c-txt-gr: 0%; --c-txt-gt: 0%; --c-txt-gb: 0%;\">\n        <div class=\"c-block__inner\">\n\n\t\t\t            \n\t\t\t    <div class=\"c-heading -h2 \">\n\t\t\n\t\t\n\t\t\t\t\t<h2  class=\"c-heading__title\"> GENNEMSIGTIGHED OG TILLID ER&#8230;<\/h2>\t\t\n\t\t            <div class=\"c-heading__sub\" >\n\t\t\t\t&#8230;FORANKRET I ALLE VORES AFDELINGER OG CENTRE            <\/div>\n\t\t    <\/div>\n    <div class=\"c-heading__description is-wysiwyg\">\n        <p>Vi har udarbejdet systematiske og kontrollerbare retningslinjer og specifikationer for den daglige forretning, og vi s\u00e6tter os selv p\u00e5 pr\u00f8ve hver dag. Alle medarbejdere er informeret om den seneste udvikling. For at underbygge vores krav opstiller vi klare retningslinjer og kommunikerer dem i politikker til de forskellige afdelinger.<\/p>\n<p>P\u00e5 den m\u00e5de kan vi skabe grundlag for en f\u00e6lles forst\u00e5else. For vores forretningspartnere, forsikringsselskaber, taksatorer, eksperter og kunder \u00f8nsker vi at v\u00e6re s\u00e5 gennemsigtige som muligt. I \u00f8jeblikket findes der retningslinjer for f\u00f8lgende emner: Korruption, diskrimination, fair konkurrence, gaver og underholdning, sundhed og sikkerhed, databeskyttelse og indk\u00f8b.<\/p>\n<p>For os betyder Corporate Social Responsibility (CSR), at vi tager hensyn til sociale og milj\u00f8m\u00e6ssige aspekter i alle vores beslutninger. Vi tager ansvar for virkningerne af vores aktiviteter. Det er vores f\u00e6lles retningslinje. Vi skiller os ud i kraft af kvaliteten af vores arbejde og service. Vores kunder kan stole p\u00e5 os &#8211; altid og i alle aspekter.<\/p>\n    <\/div>\n\t\t\t\t\t\t        <\/div>\n    <\/div>\n\t<\/div>\n\n\t\t<\/div>\n\n\t<\/div>\n\n\t\n<\/div>\n\n\n<div class=\"m-block  l-content-2\"  >\n\n\t\n\t\n\t<div class=\"m-block__container container\" style=\"\">\n\n\t\t<div class=\"l-dcbl l-dcbl-v1\">\n\n\t\t\t\n<div class=\"c-block order-default is-vertical\" style=\"--c-block-radius:0px; --c-block-gl: 0%;--c-block-gr: 0%;--c-block-gt: 0%;--c-block-gb: 0%;--columns-ratio: 50%;\">\n    <div class=\"c-block__col c-block__text text-left align-center\"\n         style=\"--c-txt-gl: 0%; --c-txt-gr: 0%; --c-txt-gt: 0%; --c-txt-gb: 0%;\">\n        <div class=\"c-block__inner\">\n\n\t\t\t            \n\t\t\t    <div class=\"c-heading -h2 \">\n\t\t\n\t\t\n\t\t\t\t\t<h2  class=\"c-heading__title\">VORES GRUNDL\u00c6GGENDE PRINCIPPER<\/h2>\t\t\n\t\t    <\/div>\n    <div class=\"c-heading__description is-wysiwyg\">\n        <p><strong>ANSVAR<\/strong><br \/>\nHos BELFOR kr\u00e6ver vi, at alle medarbejdere ved, hvad de personligt er ansvarlige for. Det betyder ogs\u00e5, at vi skal bevise, at alle g\u00e6ldende love, regler og individuelle retningslinjer overholdes og f\u00f8lges p\u00e5 alle omr\u00e5der.<\/p>\n<p><strong>GENNEMSIGTIGHED<\/strong><br \/>\nKlare regler for ansvar og dokumentation giver os mulighed for at opn\u00e5 maksimal gennemsigtighed, samtidig med at vi opretholder den n\u00f8dvendige fortrolighed.<\/p>\n<p><strong>ETISK ADF\u00c6RD<\/strong><br \/>\nVores forretningspartnere og samfundet som helhed kan stole p\u00e5, at vi altid handler retf\u00e6rdigt og trov\u00e6rdigt. Det er en del af den service vi lover at levere.<\/p>\n<p><strong>RESPEKT FOR RETSSTATSPRINCIPPET<\/strong><br \/>\nDet siger m\u00e5ske sig selv, men det er v\u00e6rd at understrege; at arbejde med BELFOR betyder, at alle g\u00e6ldende love og regler overholdes. Vi uddanner l\u00f8bende vores medarbejdere i \u00e6ndringer og udviklinger p\u00e5 disse omr\u00e5der.<\/p>\n<p><strong>RESPEKT FOR INTERESSENTERNES BEHOV<\/strong><br \/>\nVi arbejder p\u00e5 at forst\u00e5 interesserne hos alle dem, der er ber\u00f8rt af vores aktiviteter, og fors\u00f8ger s\u00e5 vidt muligt at integrere forslag og give svar p\u00e5 sp\u00f8rgsm\u00e5l.<\/p>\n    <\/div>\n\t\t\t\t\t\t        <\/div>\n    <\/div>\n\t<\/div>\n\n\t\t<\/div>\n\n\t<\/div>\n\n\t\n<\/div>\n\n\n\t<\/div>\n<\/div>\n\n\n<div class=\"m-wrapper  gt mb-custom bg-cover bg-center bg-no-repeat -version-3 container-fluid\" style='--margin-bottom: 32.5rem;background-image: url(https:\/\/www.belfor.com\/dk\/wp-content\/uploads\/sites\/5\/2024\/06\/A-group-of-BELFOR-Employees-walking-in-front-of-a-BELFOR-branch_CTA-Bild_2560x1192px.jpg);'>\n\n\t\n\t\n\t<div class=\"m-wrapper__inner\">\n\t\t\n<div class=\"m-block  gt gb -version-3 l-content-simple-1\"  style='--l-container-width: 83rem;'>\n\n\t\n\t\n\t<div class=\"m-block__container container-custom\" style=\"--l-container-width: 83rem\">\n\n\t\t<div class=\"l-heading text-left l-heading-v1\">\n\n\t\t\t    <div class=\"c-heading -h2 \">\n\t\t\n\t\t            <div class=\"c-heading__pre\" >\n\t\t\t\tVi tilbyder den rette ekspertise            <\/div>\n\t\t\n\t\t\t\t\t<h2  class=\"c-heading__title\">BELFOR er den st\u00f8rste skadeservicevirksomhed, med tusindvis af kollegaer i hele verden.<\/h2>\t\t\n\t\t    <\/div>\n    <div class=\"c-heading__description is-wysiwyg\">\n        <p>Vi er der for dig, og hj\u00e6lper dig bedst igennem din skade<\/p>\n    <\/div>\n\n\t\t\t\t    <div class=\"c-block__btn\">\n\t\t\n\t\t\t<a href=\"\/dk\/da\/kontakt\/\"  class=\"c-btn -normal -primary has-icon icon-right \"><div class=\"label-up\"><span class=\"c-btn__txt\">Kontakt os<\/span><span class=\"c-btn__ico\"><svg width=\"30\" height=\"30\" class=\"icon icon-lib-icon-arrow4 \" aria-hidden=\"true\" role=\"img\"><use xlink:href=\"#lib-icon-arrow4\"><\/use><\/svg><\/span><\/div><div class=\"label-up\"><span class=\"c-btn__txt\">Kontakt os<\/span><span class=\"c-btn__ico\"><svg width=\"30\" height=\"30\" class=\"icon icon-lib-icon-arrow4 \" aria-hidden=\"true\" role=\"img\"><use xlink:href=\"#lib-icon-arrow4\"><\/use><\/svg><\/span><\/div><\/a>\n\t\t    <\/div>\n\t\n\t\t<\/div>\n\n\t<\/div>\n\n\t\n<\/div>\n\n\n\t<\/div>\n<\/div>\n","protected":false},"excerpt":{"rendered":"","protected":false},"author":7,"featured_media":298,"parent":145,"menu_order":9,"comment_status":"closed","ping_status":"closed","template":"","meta":{"_acf_changed":false,"inline_featured_image":false,"footnotes":""},"class_list":["post-673","page","type-page","status-publish","has-post-thumbnail","hentry"],"acf":[],"yoast_head":"<!-- This site is optimized with the Yoast SEO plugin v27.4 - https:\/\/yoast.com\/product\/yoast-seo-wordpress\/ -->\n<title>Corporate Social Responsibility - BELFOR Denmark<\/title>\n<meta name=\"robots\" content=\"index, follow, max-snippet:-1, max-image-preview:large, max-video-preview:-1\" \/>\n<link rel=\"canonical\" href=\"https:\/\/www.belfor.com\/dk\/da\/om-os\/corporate-social-responsibility\/\" \/>\n<meta property=\"og:locale\" content=\"da_DK\" \/>\n<meta property=\"og:type\" content=\"article\" \/>\n<meta property=\"og:title\" content=\"Corporate Social Responsibility - BELFOR Denmark\" \/>\n<meta property=\"og:url\" content=\"https:\/\/www.belfor.com\/dk\/da\/om-os\/corporate-social-responsibility\/\" \/>\n<meta property=\"og:site_name\" content=\"BELFOR Denmark\" \/>\n<meta property=\"article:modified_time\" content=\"2025-10-01T12:38:15+00:00\" \/>\n<meta property=\"og:image\" content=\"https:\/\/www.belfor.com\/dk\/wp-content\/uploads\/sites\/5\/2024\/06\/A-collage-of-male-and-female-blue-and-white-collar-workers_Black-modul_1024x842px.jpg\" \/>\n\t<meta property=\"og:image:width\" content=\"1024\" \/>\n\t<meta property=\"og:image:height\" content=\"842\" \/>\n\t<meta property=\"og:image:type\" content=\"image\/jpeg\" \/>\n<meta name=\"twitter:card\" content=\"summary_large_image\" \/>\n<meta name=\"twitter:label1\" content=\"Est. reading time\" \/>\n\t<meta name=\"twitter:data1\" content=\"1 minute\" \/>\n<script type=\"application\/ld+json\" class=\"yoast-schema-graph\">{\"@context\":\"https:\\\/\\\/schema.org\",\"@graph\":[{\"@type\":\"WebPage\",\"@id\":\"https:\\\/\\\/www.belfor.com\\\/dk\\\/da\\\/om-os\\\/corporate-social-responsibility\\\/\",\"url\":\"https:\\\/\\\/www.belfor.com\\\/dk\\\/da\\\/om-os\\\/corporate-social-responsibility\\\/\",\"name\":\"Corporate Social Responsibility - BELFOR Denmark\",\"isPartOf\":{\"@id\":\"https:\\\/\\\/www.belfor.com\\\/dk\\\/da\\\/#website\"},\"primaryImageOfPage\":{\"@id\":\"https:\\\/\\\/www.belfor.com\\\/dk\\\/da\\\/om-os\\\/corporate-social-responsibility\\\/#primaryimage\"},\"image\":{\"@id\":\"https:\\\/\\\/www.belfor.com\\\/dk\\\/da\\\/om-os\\\/corporate-social-responsibility\\\/#primaryimage\"},\"thumbnailUrl\":\"https:\\\/\\\/www.belfor.com\\\/dk\\\/wp-content\\\/uploads\\\/sites\\\/5\\\/2024\\\/06\\\/A-collage-of-male-and-female-blue-and-white-collar-workers_Black-modul_1024x842px.jpg\",\"datePublished\":\"2024-07-02T12:04:19+00:00\",\"dateModified\":\"2025-10-01T12:38:15+00:00\",\"breadcrumb\":{\"@id\":\"https:\\\/\\\/www.belfor.com\\\/dk\\\/da\\\/om-os\\\/corporate-social-responsibility\\\/#breadcrumb\"},\"inLanguage\":\"da-DK\",\"potentialAction\":[{\"@type\":\"ReadAction\",\"target\":[\"https:\\\/\\\/www.belfor.com\\\/dk\\\/da\\\/om-os\\\/corporate-social-responsibility\\\/\"]}]},{\"@type\":\"ImageObject\",\"inLanguage\":\"da-DK\",\"@id\":\"https:\\\/\\\/www.belfor.com\\\/dk\\\/da\\\/om-os\\\/corporate-social-responsibility\\\/#primaryimage\",\"url\":\"https:\\\/\\\/www.belfor.com\\\/dk\\\/wp-content\\\/uploads\\\/sites\\\/5\\\/2024\\\/06\\\/A-collage-of-male-and-female-blue-and-white-collar-workers_Black-modul_1024x842px.jpg\",\"contentUrl\":\"https:\\\/\\\/www.belfor.com\\\/dk\\\/wp-content\\\/uploads\\\/sites\\\/5\\\/2024\\\/06\\\/A-collage-of-male-and-female-blue-and-white-collar-workers_Black-modul_1024x842px.jpg\",\"width\":1024,\"height\":842,\"caption\":\"En collage af mandlige og kvindelige arbejdere med bl\u00e5 og hvide kraver\"},{\"@type\":\"BreadcrumbList\",\"@id\":\"https:\\\/\\\/www.belfor.com\\\/dk\\\/da\\\/om-os\\\/corporate-social-responsibility\\\/#breadcrumb\",\"itemListElement\":[{\"@type\":\"ListItem\",\"position\":1,\"name\":\"Home\",\"item\":\"https:\\\/\\\/www.belfor.com\\\/dk\\\/da\\\/\"},{\"@type\":\"ListItem\",\"position\":2,\"name\":\"Om os\",\"item\":\"https:\\\/\\\/www.belfor.com\\\/dk\\\/da\\\/om-os\\\/\"},{\"@type\":\"ListItem\",\"position\":3,\"name\":\"Corporate Social Responsibility\"}]},{\"@type\":\"WebSite\",\"@id\":\"https:\\\/\\\/www.belfor.com\\\/dk\\\/da\\\/#website\",\"url\":\"https:\\\/\\\/www.belfor.com\\\/dk\\\/da\\\/\",\"name\":\"BELFOR Denmark\",\"description\":\"\",\"potentialAction\":[{\"@type\":\"SearchAction\",\"target\":{\"@type\":\"EntryPoint\",\"urlTemplate\":\"https:\\\/\\\/www.belfor.com\\\/dk\\\/da\\\/?s={search_term_string}\"},\"query-input\":{\"@type\":\"PropertyValueSpecification\",\"valueRequired\":true,\"valueName\":\"search_term_string\"}}],\"inLanguage\":\"da-DK\"}]}<\/script>\n<!-- \/ Yoast SEO plugin. -->","yoast_head_json":{"title":"Corporate Social Responsibility - BELFOR Denmark","robots":{"index":"index","follow":"follow","max-snippet":"max-snippet:-1","max-image-preview":"max-image-preview:large","max-video-preview":"max-video-preview:-1"},"canonical":"https:\/\/www.belfor.com\/dk\/da\/om-os\/corporate-social-responsibility\/","og_locale":"da_DK","og_type":"article","og_title":"Corporate Social Responsibility - BELFOR Denmark","og_url":"https:\/\/www.belfor.com\/dk\/da\/om-os\/corporate-social-responsibility\/","og_site_name":"BELFOR Denmark","article_modified_time":"2025-10-01T12:38:15+00:00","og_image":[{"width":1024,"height":842,"url":"https:\/\/www.belfor.com\/dk\/wp-content\/uploads\/sites\/5\/2024\/06\/A-collage-of-male-and-female-blue-and-white-collar-workers_Black-modul_1024x842px.jpg","type":"image\/jpeg"}],"twitter_card":"summary_large_image","twitter_misc":{"Est. reading time":"1 minute"},"schema":{"@context":"https:\/\/schema.org","@graph":[{"@type":"WebPage","@id":"https:\/\/www.belfor.com\/dk\/da\/om-os\/corporate-social-responsibility\/","url":"https:\/\/www.belfor.com\/dk\/da\/om-os\/corporate-social-responsibility\/","name":"Corporate Social Responsibility - BELFOR Denmark","isPartOf":{"@id":"https:\/\/www.belfor.com\/dk\/da\/#website"},"primaryImageOfPage":{"@id":"https:\/\/www.belfor.com\/dk\/da\/om-os\/corporate-social-responsibility\/#primaryimage"},"image":{"@id":"https:\/\/www.belfor.com\/dk\/da\/om-os\/corporate-social-responsibility\/#primaryimage"},"thumbnailUrl":"https:\/\/www.belfor.com\/dk\/wp-content\/uploads\/sites\/5\/2024\/06\/A-collage-of-male-and-female-blue-and-white-collar-workers_Black-modul_1024x842px.jpg","datePublished":"2024-07-02T12:04:19+00:00","dateModified":"2025-10-01T12:38:15+00:00","breadcrumb":{"@id":"https:\/\/www.belfor.com\/dk\/da\/om-os\/corporate-social-responsibility\/#breadcrumb"},"inLanguage":"da-DK","potentialAction":[{"@type":"ReadAction","target":["https:\/\/www.belfor.com\/dk\/da\/om-os\/corporate-social-responsibility\/"]}]},{"@type":"ImageObject","inLanguage":"da-DK","@id":"https:\/\/www.belfor.com\/dk\/da\/om-os\/corporate-social-responsibility\/#primaryimage","url":"https:\/\/www.belfor.com\/dk\/wp-content\/uploads\/sites\/5\/2024\/06\/A-collage-of-male-and-female-blue-and-white-collar-workers_Black-modul_1024x842px.jpg","contentUrl":"https:\/\/www.belfor.com\/dk\/wp-content\/uploads\/sites\/5\/2024\/06\/A-collage-of-male-and-female-blue-and-white-collar-workers_Black-modul_1024x842px.jpg","width":1024,"height":842,"caption":"En collage af mandlige og kvindelige arbejdere med bl\u00e5 og hvide kraver"},{"@type":"BreadcrumbList","@id":"https:\/\/www.belfor.com\/dk\/da\/om-os\/corporate-social-responsibility\/#breadcrumb","itemListElement":[{"@type":"ListItem","position":1,"name":"Home","item":"https:\/\/www.belfor.com\/dk\/da\/"},{"@type":"ListItem","position":2,"name":"Om os","item":"https:\/\/www.belfor.com\/dk\/da\/om-os\/"},{"@type":"ListItem","position":3,"name":"Corporate Social Responsibility"}]},{"@type":"WebSite","@id":"https:\/\/www.belfor.com\/dk\/da\/#website","url":"https:\/\/www.belfor.com\/dk\/da\/","name":"BELFOR Denmark","description":"","potentialAction":[{"@type":"SearchAction","target":{"@type":"EntryPoint","urlTemplate":"https:\/\/www.belfor.com\/dk\/da\/?s={search_term_string}"},"query-input":{"@type":"PropertyValueSpecification","valueRequired":true,"valueName":"search_term_string"}}],"inLanguage":"da-DK"}]}},"_links":{"self":[{"href":"https:\/\/www.belfor.com\/dk\/da\/wp-json\/wp\/v2\/pages\/673","targetHints":{"allow":["GET"]}}],"collection":[{"href":"https:\/\/www.belfor.com\/dk\/da\/wp-json\/wp\/v2\/pages"}],"about":[{"href":"https:\/\/www.belfor.com\/dk\/da\/wp-json\/wp\/v2\/types\/page"}],"author":[{"embeddable":true,"href":"https:\/\/www.belfor.com\/dk\/da\/wp-json\/wp\/v2\/users\/7"}],"replies":[{"embeddable":true,"href":"https:\/\/www.belfor.com\/dk\/da\/wp-json\/wp\/v2\/comments?post=673"}],"version-history":[{"count":5,"href":"https:\/\/www.belfor.com\/dk\/da\/wp-json\/wp\/v2\/pages\/673\/revisions"}],"predecessor-version":[{"id":1813,"href":"https:\/\/www.belfor.com\/dk\/da\/wp-json\/wp\/v2\/pages\/673\/revisions\/1813"}],"up":[{"embeddable":true,"href":"https:\/\/www.belfor.com\/dk\/da\/wp-json\/wp\/v2\/pages\/145"}],"wp:featuredmedia":[{"embeddable":true,"href":"https:\/\/www.belfor.com\/dk\/da\/wp-json\/wp\/v2\/media\/298"}],"wp:attachment":[{"href":"https:\/\/www.belfor.com\/dk\/da\/wp-json\/wp\/v2\/media?parent=673"}],"curies":[{"name":"wp","href":"https:\/\/api.w.org\/{rel}","templated":true}]}}